{"id":27,"date":"2020-11-18T11:54:40","date_gmt":"2020-11-18T10:54:40","guid":{"rendered":"https:\/\/www.vallivaldesi.chiesavaldese.org\/pomaretto\/?page_id=27"},"modified":"2020-11-18T11:54:42","modified_gmt":"2020-11-18T10:54:42","slug":"home","status":"publish","type":"page","link":"https:\/\/vallivaldesi.chiesavaldese.org\/pomaretto\/","title":{"rendered":"Home"},"content":{"rendered":"\n<p class=\"has-drop-cap\">La Chiesa valdese di Pomaretto \u00e8 una comunit\u00e0 di credenti in Ges\u00f9 Cristo, facente parte delle Chiese protestanti nate dalla Riforma religiosa del \u2018500. <\/p>\n\n\n\n<p>Essa testimonia l\u2019amore di Dio come \u00e8 rivelato nelle Sacre Scritture (Antico e Nuovo Testamento), attraverso la predicazione rivolta principalmente durante il culto domenicale e in molti altri contesti, e attraverso l\u2019azione diaconale, di servizio verso gli ultimi, i bisognosi, i discriminati. <\/p>\n\n\n\n<p>Essa conta circa un migliaio di membri e durante l\u2019anno si ritrova nel corso delle diverse attivit\u00e0 di formazione, servizio e cura pastorale. <\/p>\n\n\n\n<p>Tutti e tutte sono benvenuti e possono partecipare ai culti e a tutte le altre attivit\u00e0.<\/p>\n","protected":false},"excerpt":{"rendered":"<p>La Chiesa valdese di Pomaretto \u00e8 una comunit\u00e0 di credenti in Ges\u00f9 Cristo, facente parte delle Chiese protestanti nate dalla Riforma religiosa del \u2018500. Essa testimonia l\u2019amore di Dio come<\/p>\n","protected":false},"author":1,"featured_media":0,"parent":0,"menu_order":0,"comment_status":"closed","ping_status":"closed","template":"","meta":{"footnotes":""},"class_list":["post-27","page","type-page","status-publish","hentry"],"jetpack_sharing_enabled":true,"_links":{"self":[{"href":"https:\/\/vallivaldesi.chiesavaldese.org\/pomaretto\/wp-json\/wp\/v2\/pages\/27","targetHints":{"allow":["GET"]}}],"collection":[{"href":"https:\/\/vallivaldesi.chiesavaldese.org\/pomaretto\/wp-json\/wp\/v2\/pages"}],"about":[{"href":"https:\/\/vallivaldesi.chiesavaldese.org\/pomaretto\/wp-json\/wp\/v2\/types\/page"}],"author":[{"embeddable":true,"href":"https:\/\/vallivaldesi.chiesavaldese.org\/pomaretto\/wp-json\/wp\/v2\/users\/1"}],"replies":[{"embeddable":true,"href":"https:\/\/vallivaldesi.chiesavaldese.org\/pomaretto\/wp-json\/wp\/v2\/comments?post=27"}],"version-history":[{"count":1,"href":"https:\/\/vallivaldesi.chiesavaldese.org\/pomaretto\/wp-json\/wp\/v2\/pages\/27\/revisions"}],"predecessor-version":[{"id":28,"href":"https:\/\/vallivaldesi.chiesavaldese.org\/pomaretto\/wp-json\/wp\/v2\/pages\/27\/revisions\/28"}],"wp:attachment":[{"href":"https:\/\/vallivaldesi.chiesavaldese.org\/pomaretto\/wp-json\/wp\/v2\/media?parent=27"}],"curies":[{"name":"wp","href":"https:\/\/api.w.org\/{rel}","templated":true}]}}